{"id":2,"date":"2022-04-01T13:18:53","date_gmt":"2022-04-01T13:18:53","guid":{"rendered":"https:\/\/notea-conseil.fr\/?page_id=2"},"modified":"2022-10-25T12:29:45","modified_gmt":"2022-10-25T12:29:45","slug":"sample-page","status":"publish","type":"page","link":"https:\/\/notea-conseil.fr\/","title":{"rendered":"Bienvenue"},"content":{"rendered":"\n<p> <\/p>\n\n\n\n<p class=\"has-tertiary-background-color has-background\"><em>Nous accompagnons les <strong>professionnels lib\u00e9raux r\u00e9glement\u00e9s<\/strong> et principalement les <strong>notaires<\/strong> pour gagner en performance.&nbsp;<\/em><\/p>\n\n\n\n<p class=\"has-tertiary-background-color has-background\"><em>La loi croissance a modifi\u00e9 les enjeux de certaines professions, tout comme les contraintes \u00e9conomiques et soci\u00e9tales dans lesquelles nous vivons. Les professionnels lib\u00e9raux doivent d\u00e9sormais s\u2019organiser pour devenir des <strong>chefs d\u2019entreprises<\/strong>.<\/em><\/p>\n\n\n\n<p class=\"has-tertiary-background-color has-background\"><em>Afin que l\u2019entreprise lib\u00e9rale puisse \u00e9voluer, il convient de se doter d\u2019une bonne <strong>dynamique d\u2019associ\u00e9s<\/strong>, c\u2019est \u00e0 dire, de savoir se comprendre pour d\u00e9terminer un <strong>projet d\u2019entreprise commun<\/strong>. Nous sommes \u00e0 vos c\u00f4t\u00e9s pour le d\u00e9ployer au sein de votre organisation.<\/em><\/p>\n\n\n\n<p class=\"has-tertiary-background-color has-background\"><em>Pour r\u00e9ussir, nous int\u00e9grons vos \u00e9quipes dans la d\u00e9marche afin de cr\u00e9er de l\u2019engagement.<\/em><\/p>\n\n\n\n<p class=\"has-tertiary-background-color has-background\"><em>Notre d\u00e9marche s\u2019inscrit le plus souvent dans le temps, mais il est aussi possible de recourir \u00e0 nos services ponctuellement.<\/em><\/p>\n\n\n\n<p><\/p>\n","protected":false},"excerpt":{"rendered":"<p>Nous accompagnons les professionnels lib\u00e9raux r\u00e9glement\u00e9s et principalement les notaires pour gagner en performance.&nbsp; La loi croissance a modifi\u00e9 les enjeux de certaines professions, tout comme les contraintes \u00e9conomiques et soci\u00e9tales dans lesquelles nous vivons. Les professionnels lib\u00e9raux doivent d\u00e9sormais s\u2019organiser pour devenir des chefs d\u2019entreprises. Afin que l\u2019entreprise lib\u00e9rale [&hellip;]<\/p>\n","protected":false},"author":1,"featured_media":86,"parent":0,"menu_order":0,"comment_status":"closed","ping_status":"closed","template":"","meta":{"footnotes":""},"class_list":["post-2","page","type-page","status-publish","has-post-thumbnail","hentry"],"_links":{"self":[{"href":"https:\/\/notea-conseil.fr\/index.php\/wp-json\/wp\/v2\/pages\/2","targetHints":{"allow":["GET"]}}],"collection":[{"href":"https:\/\/notea-conseil.fr\/index.php\/wp-json\/wp\/v2\/pages"}],"about":[{"href":"https:\/\/notea-conseil.fr\/index.php\/wp-json\/wp\/v2\/types\/page"}],"author":[{"embeddable":true,"href":"https:\/\/notea-conseil.fr\/index.php\/wp-json\/wp\/v2\/users\/1"}],"replies":[{"embeddable":true,"href":"https:\/\/notea-conseil.fr\/index.php\/wp-json\/wp\/v2\/comments?post=2"}],"version-history":[{"count":2,"href":"https:\/\/notea-conseil.fr\/index.php\/wp-json\/wp\/v2\/pages\/2\/revisions"}],"predecessor-version":[{"id":83,"href":"https:\/\/notea-conseil.fr\/index.php\/wp-json\/wp\/v2\/pages\/2\/revisions\/83"}],"wp:featuredmedia":[{"embeddable":true,"href":"https:\/\/notea-conseil.fr\/index.php\/wp-json\/wp\/v2\/media\/86"}],"wp:attachment":[{"href":"https:\/\/notea-conseil.fr\/index.php\/wp-json\/wp\/v2\/media?parent=2"}],"curies":[{"name":"wp","href":"https:\/\/api.w.org\/{rel}","templated":true}]}}